{"id":19218,"date":"2020-06-05T15:00:06","date_gmt":"2020-06-05T13:00:06","guid":{"rendered":"https:\/\/www.petitmountet.ch\/?page_id=19218"},"modified":"2026-04-02T20:17:43","modified_gmt":"2026-04-02T18:17:43","slug":"berghuette","status":"publish","type":"page","link":"https:\/\/www.petitmountet.ch\/de\/berghuette\/","title":{"rendered":"Bergh\u00fctte Petit Mountet"},"content":{"rendered":"<div class=\"wpb-content-wrapper\"><p>[vc_row force_equal_height_columns=&#8220;main_row&#8220;][vc_column width=&#8220;1\/2&#8243;][vc_row_inner][vc_column_inner]<div class=\"dfd-spacer-module\"  data-units=\"px\" data-wide_resolution=\"1280\" data-wide_size=\"80\" data-normal_resolution=\"1024\" data-normal_size=\"80\" data-tablet_resolution=\"800\" data-tablet_size=\"80\" data-mobile_resolution=\"480\" data-mobile_size=\"80\" style=\"height: 80px;\"><\/div><div class=\"dfd-heading-shortcode\"><div class=\"dfd-heading-module-wrap  text-center style_01 dfd-heading-6a96a23d30b8f dfd-disable-resposive-headings\" id=\"dfd-heading-6a96a23d30b8f\" ><div class=\"inline-block\"><div class=\"dfd-heading-module\"><h5 class=\"widget-title dfd-title \" style=\"font-size: 25px; color: #d6545c !important; letter-spacing: 5px; \"><\/p>\n<h5>Seit 1899<\/h5>\n<p><\/h5><div class=\"dfd-heading-delimiter dfd-img-lazy-load\"><\/div><\/div><\/div><\/div><script type=\"text\/javascript\">\n\t\t\t\t\t\t\t\t\t(function($) {\n\t\t\t\t\t\t\t\t\t\t$(\"head\").append(\"<style>.dfd-heading-6a96a23d30b8f.dfd-heading-module-wrap .dfd-heading-module .dfd-heading-delimiter {border-bottom-style:solid;border-bottom-width:1px;width:100px;border-bottom-color:#dddddd;}.dfd-heading-6a96a23d30b8f.dfd-heading-module-wrap .dfd-heading-module .dfd-heading-delimiter {margin-top:10px;margin-bottom:10px;}<\/style>\");\n\t\t\t\t\t\t\t\t\t})(jQuery);\n\t\t\t\t\t\t\t\t<\/script><\/div><div class=\"dfd-spacer-module\"  data-units=\"px\" data-wide_resolution=\"1280\" data-wide_size=\"20\" data-normal_resolution=\"1024\" data-normal_size=\"20\" data-tablet_resolution=\"800\" data-tablet_size=\"20\" data-mobile_resolution=\"480\" data-mobile_size=\"\" style=\"height: 20px;\"><\/div>[vc_column_text]<\/p>\n<p style=\"text-align: left;\">Im Jahre 1899 wurde durch die Initiative von Chr\u00e9tien Theytaz f\u00fcr die ersten im Val d\u2019Anniviers ankommenden Touristen und Bergsteiger eine kleine H\u00fctte gebaut.<\/p>\n<p style=\"text-align: left;\">In der Vergangenheit \u00fcberlebte die H\u00fctte zwei Br\u00e4nde und erfuhr mehrere Erweiterungen. Nachfolgende Renovationsarbeiten haben sie auf den heutigen, von vielen G\u00e4sten sehr gesch\u00e4tzten Stand gebracht.<\/p>\n<p style=\"text-align: left;\">Im vergangenen Jahrhundert haben sich verschiedene H\u00fcttenwarte abgel\u00f6st, aber immer mit demselben Ziel: die Besucher die sch\u00f6ne Bergwelt erleben zu lassen. Im Herzen der Kaiserkrone, auf der Mor\u00e4ne thronend, als Zeuge einer st\u00e4ndigen Bewegung der Natur, dient die Bergh\u00fctte weiterhin ihrem urspr\u00fcnglichen Ziel: Die Beherbergung von G\u00e4sten.<\/p>\n<p>[\/vc_column_text]<div class=\"dfd-spacer-module\"  data-units=\"px\" data-wide_resolution=\"1280\" data-wide_size=\"80\" data-normal_resolution=\"1024\" data-normal_size=\"80\" data-tablet_resolution=\"800\" data-tablet_size=\"80\" data-mobile_resolution=\"480\" data-mobile_size=\"80\" style=\"height: 80px;\"><\/div>[\/vc_column_inner][\/vc_row_inner][\/vc_column][vc_column width=&#8220;1\/2&#8243;][vc_row_inner css=&#8220;.vc_custom_1590137220696{background-image: url(https:\/\/www.petitmountet.ch\/wp-content\/uploads\/2020\/05\/historique-petit-mountet-5.jpg?id=19128) !important;background-position: center !important;background-repeat: no-repeat !important;background-size: cover !important;}&#8220;][vc_column_inner][\/vc_column_inner][\/vc_row_inner][\/vc_column][\/vc_row][vc_row][vc_column]<div class=\"dfd-spacer-module\"  data-units=\"px\" data-wide_resolution=\"1280\" data-wide_size=\"100\" data-normal_resolution=\"1024\" data-normal_size=\"100\" data-tablet_resolution=\"800\" data-tablet_size=\"100\" data-mobile_resolution=\"480\" data-mobile_size=\"100\" style=\"height: 100px;\"><\/div>[\/vc_column][\/vc_row][vc_row force_equal_height_columns=&#8220;main_row&#8220;][vc_column width=&#8220;1\/4&#8243;]<div id=\"dfd-single-image-module6a96a23d30f22-3081\" class=\"dfd-single-image-module  image-center  dfd-img-lazy-load\" ><a href=\"https:\/\/www.petitmountet.ch\/wp-content\/uploads\/2020\/05\/petit-mountet-historique-3.jpg\" title=\"Open in lightbox\" class=\"prettyPhoto\" data-thumb=\"https:\/\/www.petitmountet.ch\/wp-content\/uploads\/2020\/05\/petit-mountet-historique-3-150x150.jpg\" data-rel=\"prettyPhoto[]\"><img loading=\"lazy\" decoding=\"async\" src=\"data:image\/svg+xml;charset=utf-8,%3Csvg xmlns%3D'http%3A%2F%2Fwww.w3.org%2F2000%2Fsvg' viewBox%3D'0 0 800 520'%2F%3E\" data-src=\"https:\/\/www.petitmountet.ch\/wp-content\/uploads\/2020\/05\/petit-mountet-historique-3.jpg\" width=\"800\" height=\"520\"  alt=\"historique du Petit Mountet en Valais\" \/><\/a><\/div>[\/vc_column][vc_column width=&#8220;1\/4&#8243;]<div id=\"dfd-single-image-module6a96a23d310fb-300\" class=\"dfd-single-image-module  image-center  dfd-img-lazy-load\" ><a href=\"https:\/\/www.petitmountet.ch\/wp-content\/uploads\/2020\/05\/petit-mountet-historique-2.jpg\" title=\"Open in lightbox\" class=\"prettyPhoto\" data-thumb=\"https:\/\/www.petitmountet.ch\/wp-content\/uploads\/2020\/05\/petit-mountet-historique-2-150x150.jpg\" data-rel=\"prettyPhoto[]\"><img loading=\"lazy\" decoding=\"async\" src=\"data:image\/svg+xml;charset=utf-8,%3Csvg xmlns%3D'http%3A%2F%2Fwww.w3.org%2F2000%2Fsvg' viewBox%3D'0 0 800 521'%2F%3E\" data-src=\"https:\/\/www.petitmountet.ch\/wp-content\/uploads\/2020\/05\/petit-mountet-historique-2.jpg\" width=\"800\" height=\"521\"  alt=\"historique du Petit Mountet en Valais\" \/><\/a><\/div>[\/vc_column][vc_column width=&#8220;1\/4&#8243;]<div id=\"dfd-single-image-module6a96a23d312ad-2718\" class=\"dfd-single-image-module  image-center  dfd-img-lazy-load\" ><a href=\"https:\/\/www.petitmountet.ch\/wp-content\/uploads\/2020\/05\/petit-mountet-historique-1.jpg\" title=\"Open in lightbox\" class=\"prettyPhoto\" data-thumb=\"https:\/\/www.petitmountet.ch\/wp-content\/uploads\/2020\/05\/petit-mountet-historique-1-150x150.jpg\" data-rel=\"prettyPhoto[]\"><img loading=\"lazy\" decoding=\"async\" src=\"data:image\/svg+xml;charset=utf-8,%3Csvg xmlns%3D'http%3A%2F%2Fwww.w3.org%2F2000%2Fsvg' viewBox%3D'0 0 800 521'%2F%3E\" data-src=\"https:\/\/www.petitmountet.ch\/wp-content\/uploads\/2020\/05\/petit-mountet-historique-1.jpg\" width=\"800\" height=\"521\"  alt=\"historique du Petit Mountet en Valais\" \/><\/a><\/div>[\/vc_column][vc_column width=&#8220;1\/4&#8243;]<div id=\"dfd-single-image-module6a96a23d3146c-2157\" class=\"dfd-single-image-module  image-center  dfd-img-lazy-load\" ><a href=\"https:\/\/www.petitmountet.ch\/wp-content\/uploads\/2020\/05\/petit-mountet-historique.jpg\" title=\"Open in lightbox\" class=\"prettyPhoto\" data-thumb=\"https:\/\/www.petitmountet.ch\/wp-content\/uploads\/2020\/05\/petit-mountet-historique-150x150.jpg\" data-rel=\"prettyPhoto[]\"><img loading=\"lazy\" decoding=\"async\" src=\"data:image\/svg+xml;charset=utf-8,%3Csvg xmlns%3D'http%3A%2F%2Fwww.w3.org%2F2000%2Fsvg' viewBox%3D'0 0 800 519'%2F%3E\" data-src=\"https:\/\/www.petitmountet.ch\/wp-content\/uploads\/2020\/05\/petit-mountet-historique.jpg\" width=\"800\" height=\"519\"  alt=\"historique du Petit Mountet en Valais\" \/><\/a><\/div>[\/vc_column][\/vc_row][vc_row][vc_column]<div class=\"dfd-spacer-module\"  data-units=\"px\" data-wide_resolution=\"1280\" data-wide_size=\"100\" data-normal_resolution=\"1024\" data-normal_size=\"100\" data-tablet_resolution=\"800\" data-tablet_size=\"100\" data-mobile_resolution=\"480\" data-mobile_size=\"100\" style=\"height: 100px;\"><\/div>[\/vc_column][\/vc_row][vc_row][vc_column width=&#8220;1\/2&#8243;][vc_column_text css=&#8220;&#8220;]<\/p>\n<h5>Empfang in famili\u00e4rer Umgebung<\/h5>\n<p>Die H\u00fctte wird von Sarah und Christophe Beney-Melly bewacht, einer Familie mit drei Kindern aus der Region, die im Val d&#8217;Anniviers wohnt.<\/p>\n<p>In der Fortsetzung der Familientradition der H\u00fcttenbewachung freut sie sich, Sie gegen\u00fcber dem majest\u00e4tischen Besso und dem imposanten Weisshorn zu empfangen.<\/p>\n<p>Die H\u00fcter und ihr Team empfangen die Besucher mit Authentizit\u00e4t und Begeisterung, um mit ihnen diese Ecke der Berge zu teilen, die ihnen kostbar ist.[\/vc_column_text]<div class=\"dfd-spacer-module\"  data-units=\"px\" data-wide_resolution=\"1280\" data-wide_size=\"\" data-normal_resolution=\"1024\" data-normal_size=\"\" data-tablet_resolution=\"800\" data-tablet_size=\"20\" data-mobile_resolution=\"480\" data-mobile_size=\"20\" style=\"height: px;\"><\/div>[\/vc_column][vc_column width=&#8220;1\/2&#8243;][vc_single_image image=&#8220;20835&#8243; img_size=&#8220;full&#8220;][\/vc_column][\/vc_row][vc_row][vc_column]<div class=\"dfd-spacer-module\"  data-units=\"px\" data-wide_resolution=\"1280\" data-wide_size=\"100\" data-normal_resolution=\"1024\" data-normal_size=\"100\" data-tablet_resolution=\"800\" data-tablet_size=\"100\" data-mobile_resolution=\"480\" data-mobile_size=\"100\" style=\"height: 100px;\"><\/div>[\/vc_column][\/vc_row][vc_row force_equal_height_columns=&#8220;main_row&#8220;][vc_column width=&#8220;1\/2&#8243;][vc_row_inner][vc_column_inner][vc_column_text]<\/p>\n<h5 style=\"text-align: left;\">Umweltfreundliche H\u00fctte<\/h5>\n<p><strong>Konstruktion<\/strong><\/p>\n<p>Holzh\u00fctte, gebaut auf einer Mor\u00e4ne vor mehr als 100 Jahren; Neuabau im Jahr 2001, unter Verwendung lokaler Ressourcen und Ber\u00fccksichtigung der Umwelt.<\/p>\n<p><strong>Wasserversorgung<\/strong><\/p>\n<p>Die Bergh\u00fctte ist mit Quellenwasser versorgt.<\/p>\n<p><strong>Energieversorgung<\/strong><\/p>\n<p>Ein Kleinkraftwerk weiter unten gelegen, gespeist vom Wasser eines Bergsees oberhalb der H\u00fctte, liefert die elektrische Energie f\u00fcr Heizung, Heisswasser, K\u00fcche und Beleuchtung.<\/p>\n<p>Bei Schlechtwetter und K\u00e4lte helfen 2 Holzfeuer f\u00fcr ein warmes ambiente.[\/vc_column_text]<div class=\"dfd-spacer-module\"  data-units=\"px\" data-wide_resolution=\"1280\" data-wide_size=\"\" data-normal_resolution=\"1024\" data-normal_size=\"\" data-tablet_resolution=\"800\" data-tablet_size=\"20\" data-mobile_resolution=\"480\" data-mobile_size=\"20\" style=\"height: px;\"><\/div>[\/vc_column_inner][\/vc_row_inner][\/vc_column][vc_column width=&#8220;1\/2&#8243;][vc_row_inner css=&#8220;.vc_custom_1588055308512{background-position: center !important;background-repeat: no-repeat !important;background-size: cover !important;}&#8220;][vc_column_inner][vc_single_image image=&#8220;19122&#8243; img_size=&#8220;full&#8220;][\/vc_column_inner][\/vc_row_inner][\/vc_column][\/vc_row]<\/p>\n<\/div>","protected":false},"excerpt":{"rendered":"<p>[vc_row force_equal_height_columns=&#8220;main_row&#8220;][vc_column width=&#8220;1\/2&#8243;][vc_row_inner][vc_column_inner][vc_column_text] Im Jahre 1899 wurde durch die Initiative von Chr\u00e9tien Theytaz f\u00fcr die ersten im Val d\u2019Anniviers ankommenden Touristen und Bergsteiger eine kleine H\u00fctte gebaut. In der Vergangenheit<\/p>\n","protected":false},"author":1,"featured_media":0,"parent":0,"menu_order":0,"comment_status":"closed","ping_status":"closed","template":"","meta":{"footnotes":""},"class_list":["post-19218","page","type-page","status-publish","hentry"],"yoast_head":"<!-- This site is optimized with the Yoast SEO plugin v28.2 - https:\/\/yoast.com\/product\/yoast-seo-wordpress\/ -->\n<title>Abwechslungsreicher Aufenthalt inmitten der Natur<\/title>\n<meta name=\"description\" content=\"Genie\u00dfen Sie einen komfortablen und entfremdenden Aufenthalt in einer au\u00dfergew\u00f6hnlichen Umgebung.\" \/>\n<meta name=\"robots\" content=\"index, follow, max-snippet:-1, max-image-preview:large, max-video-preview:-1\" \/>\n<link rel=\"canonical\" href=\"https:\/\/www.petitmountet.ch\/de\/berghuette\/\" \/>\n<meta property=\"og:locale\" content=\"de_DE\" \/>\n<meta property=\"og:type\" content=\"article\" \/>\n<meta property=\"og:title\" content=\"Abwechslungsreicher Aufenthalt inmitten der Natur\" \/>\n<meta property=\"og:description\" content=\"Genie\u00dfen Sie einen komfortablen und entfremdenden Aufenthalt in einer au\u00dfergew\u00f6hnlichen Umgebung.\" \/>\n<meta property=\"og:url\" content=\"https:\/\/www.petitmountet.ch\/de\/berghuette\/\" \/>\n<meta property=\"og:site_name\" content=\"Cabane du Petit Mountet | Val d&#039;Anniviers\" \/>\n<meta property=\"article:modified_time\" content=\"2026-04-02T18:17:43+00:00\" \/>\n<meta name=\"twitter:card\" content=\"summary_large_image\" \/>\n<meta name=\"twitter:label1\" content=\"Gesch\u00e4tzte Lesezeit\" \/>\n\t<meta name=\"twitter:data1\" content=\"2\u00a0Minuten\" \/>\n<script type=\"application\/ld+json\" class=\"yoast-schema-graph\">{\"@context\":\"https:\\\/\\\/schema.org\",\"@graph\":[{\"@type\":\"WebPage\",\"@id\":\"https:\\\/\\\/www.petitmountet.ch\\\/de\\\/berghuette\\\/\",\"url\":\"https:\\\/\\\/www.petitmountet.ch\\\/de\\\/berghuette\\\/\",\"name\":\"Abwechslungsreicher Aufenthalt inmitten der Natur\",\"isPartOf\":{\"@id\":\"https:\\\/\\\/www.petitmountet.ch\\\/#website\"},\"datePublished\":\"2020-06-05T13:00:06+00:00\",\"dateModified\":\"2026-04-02T18:17:43+00:00\",\"description\":\"Genie\u00dfen Sie einen komfortablen und entfremdenden Aufenthalt in einer au\u00dfergew\u00f6hnlichen Umgebung.\",\"breadcrumb\":{\"@id\":\"https:\\\/\\\/www.petitmountet.ch\\\/de\\\/berghuette\\\/#breadcrumb\"},\"inLanguage\":\"de\",\"potentialAction\":[{\"@type\":\"ReadAction\",\"target\":[\"https:\\\/\\\/www.petitmountet.ch\\\/de\\\/berghuette\\\/\"]}]},{\"@type\":\"BreadcrumbList\",\"@id\":\"https:\\\/\\\/www.petitmountet.ch\\\/de\\\/berghuette\\\/#breadcrumb\",\"itemListElement\":[{\"@type\":\"ListItem\",\"position\":1,\"name\":\"Accueil\",\"item\":\"https:\\\/\\\/www.petitmountet.ch\\\/de\\\/\"},{\"@type\":\"ListItem\",\"position\":2,\"name\":\"Bergh\u00fctte Petit Mountet\"}]},{\"@type\":\"WebSite\",\"@id\":\"https:\\\/\\\/www.petitmountet.ch\\\/#website\",\"url\":\"https:\\\/\\\/www.petitmountet.ch\\\/\",\"name\":\"Cabane du Petit Mountet | Val d&#039;Anniviers\",\"description\":\"Petit coin de paradis\",\"potentialAction\":[{\"@type\":\"SearchAction\",\"target\":{\"@type\":\"EntryPoint\",\"urlTemplate\":\"https:\\\/\\\/www.petitmountet.ch\\\/?s={search_term_string}\"},\"query-input\":{\"@type\":\"PropertyValueSpecification\",\"valueRequired\":true,\"valueName\":\"search_term_string\"}}],\"inLanguage\":\"de\"}]}<\/script>\n<!-- \/ Yoast SEO plugin. -->","yoast_head_json":{"title":"Abwechslungsreicher Aufenthalt inmitten der Natur","description":"Genie\u00dfen Sie einen komfortablen und entfremdenden Aufenthalt in einer au\u00dfergew\u00f6hnlichen Umgebung.","robots":{"index":"index","follow":"follow","max-snippet":"max-snippet:-1","max-image-preview":"max-image-preview:large","max-video-preview":"max-video-preview:-1"},"canonical":"https:\/\/www.petitmountet.ch\/de\/berghuette\/","og_locale":"de_DE","og_type":"article","og_title":"Abwechslungsreicher Aufenthalt inmitten der Natur","og_description":"Genie\u00dfen Sie einen komfortablen und entfremdenden Aufenthalt in einer au\u00dfergew\u00f6hnlichen Umgebung.","og_url":"https:\/\/www.petitmountet.ch\/de\/berghuette\/","og_site_name":"Cabane du Petit Mountet | Val d&#039;Anniviers","article_modified_time":"2026-04-02T18:17:43+00:00","twitter_card":"summary_large_image","twitter_misc":{"Gesch\u00e4tzte Lesezeit":"2\u00a0Minuten"},"schema":{"@context":"https:\/\/schema.org","@graph":[{"@type":"WebPage","@id":"https:\/\/www.petitmountet.ch\/de\/berghuette\/","url":"https:\/\/www.petitmountet.ch\/de\/berghuette\/","name":"Abwechslungsreicher Aufenthalt inmitten der Natur","isPartOf":{"@id":"https:\/\/www.petitmountet.ch\/#website"},"datePublished":"2020-06-05T13:00:06+00:00","dateModified":"2026-04-02T18:17:43+00:00","description":"Genie\u00dfen Sie einen komfortablen und entfremdenden Aufenthalt in einer au\u00dfergew\u00f6hnlichen Umgebung.","breadcrumb":{"@id":"https:\/\/www.petitmountet.ch\/de\/berghuette\/#breadcrumb"},"inLanguage":"de","potentialAction":[{"@type":"ReadAction","target":["https:\/\/www.petitmountet.ch\/de\/berghuette\/"]}]},{"@type":"BreadcrumbList","@id":"https:\/\/www.petitmountet.ch\/de\/berghuette\/#breadcrumb","itemListElement":[{"@type":"ListItem","position":1,"name":"Accueil","item":"https:\/\/www.petitmountet.ch\/de\/"},{"@type":"ListItem","position":2,"name":"Bergh\u00fctte Petit Mountet"}]},{"@type":"WebSite","@id":"https:\/\/www.petitmountet.ch\/#website","url":"https:\/\/www.petitmountet.ch\/","name":"Cabane du Petit Mountet | Val d&#039;Anniviers","description":"Petit coin de paradis","potentialAction":[{"@type":"SearchAction","target":{"@type":"EntryPoint","urlTemplate":"https:\/\/www.petitmountet.ch\/?s={search_term_string}"},"query-input":{"@type":"PropertyValueSpecification","valueRequired":true,"valueName":"search_term_string"}}],"inLanguage":"de"}]}},"_links":{"self":[{"href":"https:\/\/www.petitmountet.ch\/de\/wp-json\/wp\/v2\/pages\/19218","targetHints":{"allow":["GET"]}}],"collection":[{"href":"https:\/\/www.petitmountet.ch\/de\/wp-json\/wp\/v2\/pages"}],"about":[{"href":"https:\/\/www.petitmountet.ch\/de\/wp-json\/wp\/v2\/types\/page"}],"author":[{"embeddable":true,"href":"https:\/\/www.petitmountet.ch\/de\/wp-json\/wp\/v2\/users\/1"}],"replies":[{"embeddable":true,"href":"https:\/\/www.petitmountet.ch\/de\/wp-json\/wp\/v2\/comments?post=19218"}],"version-history":[{"count":9,"href":"https:\/\/www.petitmountet.ch\/de\/wp-json\/wp\/v2\/pages\/19218\/revisions"}],"predecessor-version":[{"id":21164,"href":"https:\/\/www.petitmountet.ch\/de\/wp-json\/wp\/v2\/pages\/19218\/revisions\/21164"}],"wp:attachment":[{"href":"https:\/\/www.petitmountet.ch\/de\/wp-json\/wp\/v2\/media?parent=19218"}],"curies":[{"name":"wp","href":"https:\/\/api.w.org\/{rel}","templated":true}]}}