{"id":19227,"date":"2020-06-05T15:28:56","date_gmt":"2020-06-05T13:28:56","guid":{"rendered":"https:\/\/www.petitmountet.ch\/?page_id=19227"},"modified":"2026-03-31T15:15:04","modified_gmt":"2026-03-31T13:15:04","slug":"unterkunft","status":"publish","type":"page","link":"https:\/\/www.petitmountet.ch\/de\/unterkunft\/","title":{"rendered":"Unterkunft"},"content":{"rendered":"<div class=\"wpb-content-wrapper\"><p>[vc_row][vc_column][vc_column_text]<\/p>\n<h5 style=\"text-align: center;\">Komfortable und einladende Unterkunft zum:<\/h5>\n<p>[\/vc_column_text]<div class=\"dfd-spacer-module\"  data-units=\"px\" data-wide_resolution=\"1280\" data-wide_size=\"50\" data-normal_resolution=\"1024\" data-normal_size=\"\" data-tablet_resolution=\"800\" data-tablet_size=\"\" data-mobile_resolution=\"480\" data-mobile_size=\"\" style=\"height: 50px;\"><\/div>[\/vc_column][\/vc_row][vc_row][vc_column width=&#8220;1\/2&#8243;]<div class=\"dfd-spacer-module\"  data-units=\"px\" data-wide_resolution=\"1280\" data-wide_size=\"20\" data-normal_resolution=\"1024\" data-normal_size=\"20\" data-tablet_resolution=\"800\" data-tablet_size=\"\" data-mobile_resolution=\"480\" data-mobile_size=\"\" style=\"height: 20px;\"><\/div>[vc_column_text]Beobachten der Tiere in der Abendd\u00e4mmerung, bestaunen eines unglaublichen Sternenhimmels, bewundern eines Sonnenaufgangs, profitieren Sie vom garantierten Komfort nach einem langen Wandertag,\u2026 Das alles sind Erfahrungen beim \u00dcbernachten in der Bergh\u00fctte !<\/p>\n<ul>\n<li>40 Schlafpl\u00e4tze mit Bettdecken, verteilt in kleine angenehme Zimmer,<\/li>\n<li>2 Kinderbetten stehen unseren kleinen G\u00e4sten zur Verf\u00fcgung,<\/li>\n<li>Duschen ist im \u00dcbernachtungspreis inbegriffen. G\u00e4ste-WCs sind in Zimmern\u00e4he.<\/li>\n<li>Schlafsack OBLIGATORISCH (H\u00fcttenschlafsack); es besteht die M\u00f6glichkeit, vor Ort einen Schlafsack zu mieten (Preis: Fr. 5.00)<\/li>\n<\/ul>\n<p>[\/vc_column_text]<div class=\"dfd-spacer-module\"  data-units=\"px\" data-wide_resolution=\"1280\" data-wide_size=\"20\" data-normal_resolution=\"1024\" data-normal_size=\"20\" data-tablet_resolution=\"800\" data-tablet_size=\"20\" data-mobile_resolution=\"480\" data-mobile_size=\"20\" style=\"height: 20px;\"><\/div><div id=\"dfd-button-6a9683e88c4b4\" class=\"dfd-button-module-wrap dfd-button-6a9683e88c4b4\"><div class=\"dfd-button-module  style_1 text-center dfd-horizontal dfd-top-to-bottom dfd-button-icon-left dfd-button-icon-hover-simple\" ><a href=\"http:\/\/www.petitmountet.ch\/de\/reservation\/\" title=\"R\u00e9servation\" class=\"dfd-button-link\"><span class=\"dfd-button-inner-cover\"><span class=\"dfd-button-text-main\">RESERVIEREN<\/span><\/span><\/a><\/div><script type=\"text\/javascript\">\n\t\t\t\t\t\t\t\t\t(function($) {$(\"head\").append(\"<style>#dfd-button-6a9683e88c4b4.dfd-button-module-wrap .dfd-button-module .dfd-button-link .dfd-button-inner-cover .dfd-button-text-main,.dfd-button-6a9683e88c4b4.dfd-button-module-wrap .dfd-button-module .dfd-button-link .dfd-button-inner-cover .dfd-button-text-main {color: #ffffff}#dfd-button-6a9683e88c4b4.dfd-button-module-wrap .dfd-button-module .dfd-button-link .dfd-button-inner-cover,.dfd-button-6a9683e88c4b4.dfd-button-module-wrap .dfd-button-module .dfd-button-link .dfd-button-border-decoration,.dfd-button-6a9683e88c4b4.dfd-button-module-wrap .dfd-button-module .dfd-button-link .dfd-button-inner-cover {border-radius:2px;}#dfd-button-6a9683e88c4b4.dfd-button-module-wrap .dfd-button-module:not(.style_4) .dfd-button-link .dfd-button-inner-cover:before,#dfd-button-6a9683e88c4b4.dfd-button-module-wrap .dfd-button-module.style_4 .dfd-button-link .dfd-button-inner-cover:after,#dfd-button-6a9683e88c4b4.dfd-button-module-wrap .dfd-button-module.style_6 .dfd-button-link .dfd-button-inner-cover .dfd-button-text-main,.dfd-button-6a9683e88c4b4.dfd-button-module-wrap .dfd-button-module:not(.style_4) .dfd-button-link .dfd-button-inner-cover:before,.dfd-button-6a9683e88c4b4.dfd-button-module-wrap .dfd-button-module.style_4 .dfd-button-link .dfd-button-inner-cover:after,.dfd-button-6a9683e88c4b4.dfd-button-module-wrap .dfd-button-module.style_6 .dfd-button-link .dfd-button-inner-cover .dfd-button-text-main {background: #cc5d5f;border-style:none;border-width:1px;border-radius:2px;border-color:#1b1b1b;}#dfd-button-6a9683e88c4b4.dfd-button-module-wrap .dfd-button-module:not(.style_6) .dfd-button-link:hover .dfd-button-inner-cover .dfd-button-text-main,#dfd-button-6a9683e88c4b4.dfd-button-module-wrap .dfd-button-module .dfd-button-link .dfd-button-inner-cover .dfd-button-text-hover,.dfd-button-6a9683e88c4b4.dfd-button-module-wrap .dfd-button-module:not(.style_6) .dfd-button-link:hover .dfd-button-inner-cover .dfd-button-text-main,.dfd-button-6a9683e88c4b4.dfd-button-module-wrap .dfd-button-module .dfd-button-link .dfd-button-inner-cover .dfd-button-text-hover {color: #ffffff;}#dfd-button-6a9683e88c4b4.dfd-button-module-wrap .dfd-button-module .dfd-button-link:hover .dfd-button-inner-cover,.dfd-button-6a9683e88c4b4.dfd-button-module-wrap .dfd-button-module .dfd-button-link:hover .dfd-button-border-decoration,.dfd-button-6a9683e88c4b4.dfd-button-module-wrap .dfd-button-module .dfd-button-link:hover .dfd-button-inner-cover {border-radius:2px;}#dfd-button-6a9683e88c4b4.dfd-button-module-wrap .dfd-button-module:not(.style_4) .dfd-button-link .dfd-button-inner-cover:after,#dfd-button-6a9683e88c4b4.dfd-button-module-wrap .dfd-button-module.style_4 .dfd-button-link .dfd-button-inner-cover:before,#dfd-button-6a9683e88c4b4.dfd-button-module-wrap .dfd-button-module .dfd-button-link .dfd-button-inner-cover .dfd-button-text-hover .dfd-button-6a9683e88c4b4.dfd-button-module-wrap .dfd-button-module:not(.style_4) .dfd-button-link .dfd-button-inner-cover:after,.dfd-button-6a9683e88c4b4.dfd-button-module-wrap .dfd-button-module.style_4 .dfd-button-link .dfd-button-inner-cover:before,.dfd-button-6a9683e88c4b4.dfd-button-module-wrap .dfd-button-module .dfd-button-link .dfd-button-inner-cover .dfd-button-text-hover {background: #cc5d5f;border-style:none;border-width:1px;border-radius:2px;border-color:#c39f76;}#dfd-button-6a9683e88c4b4.dfd-button-module-wrap .dfd-button-module.style_3 .dfd-button-link:hover .dfd-button-inner-cover:before,#dfd-button-6a9683e88c4b4.dfd-button-module-wrap .dfd-button-module.style_4 .dfd-button-link:hover .dfd-button-inner-cover:before,.dfd-button-6a9683e88c4b4.dfd-button-module-wrap .dfd-button-module.style_3 .dfd-button-link:hover .dfd-button-inner-cover:before,.dfd-button-6a9683e88c4b4.dfd-button-module-wrap .dfd-button-module.style_4 .dfd-button-link:hover .dfd-button-inner-cover:before {border-style:none;border-width:1px;border-radius:2px;border-color:#c39f76;}<\/style>\")\n\t\t\t\t\t\t\t\t\t})(jQuery);\n\t\t\t\t\t\t\t\t<\/script><\/div><div class=\"dfd-spacer-module\"  data-units=\"px\" data-wide_resolution=\"1280\" data-wide_size=\"20\" data-normal_resolution=\"1024\" data-normal_size=\"20\" data-tablet_resolution=\"800\" data-tablet_size=\"20\" data-mobile_resolution=\"480\" data-mobile_size=\"20\" style=\"height: 20px;\"><\/div>[\/vc_column][vc_column width=&#8220;1\/2&#8243;][vc_single_image image=&#8220;19130&#8243; img_size=&#8220;full&#8220;][\/vc_column][\/vc_row][vc_row][vc_column]<div class=\"dfd-spacer-module\"  data-units=\"px\" data-wide_resolution=\"1280\" data-wide_size=\"60\" data-normal_resolution=\"1024\" data-normal_size=\"60\" data-tablet_resolution=\"800\" data-tablet_size=\"40\" data-mobile_resolution=\"480\" data-mobile_size=\"40\" style=\"height: 60px;\"><\/div>[vc_column_text css=&#8220;&#8220;]<\/p>\n<p style=\"text-align: center;\">Unsere sch\u00f6ne H\u00fctte, wiederaufgebaut im Jahr 2001, bietet Ihnen allen Komfort in kleinen Zimmern, von 4 bis 10 Pl\u00e4tzen.<\/p>\n<p>[\/vc_column_text]<div class=\"dfd-spacer-module\"  data-units=\"px\" data-wide_resolution=\"1280\" data-wide_size=\"60\" data-normal_resolution=\"1024\" data-normal_size=\"60\" data-tablet_resolution=\"800\" data-tablet_size=\"40\" data-mobile_resolution=\"480\" data-mobile_size=\"40\" style=\"height: 60px;\"><\/div>[\/vc_column][\/vc_row][vc_row][vc_column width=&#8220;1\/3&#8243;]<div id=\"dfd-single-image-module6a9683e88c90b-2846\" class=\"dfd-single-image-module  image-center  dfd-img-lazy-load\" ><a href=\"https:\/\/www.petitmountet.ch\/wp-content\/uploads\/2020\/03\/logement-3.jpg\" title=\"Open in lightbox\" class=\"prettyPhoto\" data-thumb=\"https:\/\/www.petitmountet.ch\/wp-content\/uploads\/2020\/03\/logement-3-150x150.jpg\" data-rel=\"prettyPhoto[]\"><img loading=\"lazy\" decoding=\"async\" src=\"data:image\/svg+xml;charset=utf-8,%3Csvg xmlns%3D'http%3A%2F%2Fwww.w3.org%2F2000%2Fsvg' viewBox%3D'0 0 900 675'%2F%3E\" data-src=\"https:\/\/www.petitmountet.ch\/wp-content\/uploads\/2020\/03\/logement-3.jpg\" width=\"900\" height=\"675\"  alt=\"logement Cabane Petit Mountet\" \/><\/a><\/div><div class=\"dfd-spacer-module\"  data-units=\"px\" data-wide_resolution=\"1280\" data-wide_size=\"\" data-normal_resolution=\"1024\" data-normal_size=\"\" data-tablet_resolution=\"800\" data-tablet_size=\"20\" data-mobile_resolution=\"480\" data-mobile_size=\"20\" style=\"height: px;\"><\/div>[\/vc_column][vc_column width=&#8220;1\/3&#8243;]<div id=\"dfd-single-image-module6a9683e88cb89-1643\" class=\"dfd-single-image-module  image-center  dfd-img-lazy-load\" ><a href=\"https:\/\/www.petitmountet.ch\/wp-content\/uploads\/2020\/03\/logement-6-1.jpg\" title=\"Open in lightbox\" class=\"prettyPhoto\" data-thumb=\"https:\/\/www.petitmountet.ch\/wp-content\/uploads\/2020\/03\/logement-6-1-150x150.jpg\" data-rel=\"prettyPhoto[]\"><img loading=\"lazy\" decoding=\"async\" src=\"data:image\/svg+xml;charset=utf-8,%3Csvg xmlns%3D'http%3A%2F%2Fwww.w3.org%2F2000%2Fsvg' viewBox%3D'0 0 900 675'%2F%3E\" data-src=\"https:\/\/www.petitmountet.ch\/wp-content\/uploads\/2020\/03\/logement-6-1.jpg\" width=\"900\" height=\"675\"  alt=\"logement Cabane Petit Mountet\" \/><\/a><\/div><div class=\"dfd-spacer-module\"  data-units=\"px\" data-wide_resolution=\"1280\" data-wide_size=\"\" data-normal_resolution=\"1024\" data-normal_size=\"\" data-tablet_resolution=\"800\" data-tablet_size=\"20\" data-mobile_resolution=\"480\" data-mobile_size=\"20\" style=\"height: px;\"><\/div>[\/vc_column][vc_column width=&#8220;1\/3&#8243;]<div id=\"dfd-single-image-module6a9683e88ce09-6121\" class=\"dfd-single-image-module  image-center  dfd-img-lazy-load\" ><a href=\"https:\/\/www.petitmountet.ch\/wp-content\/uploads\/2020\/04\/r\u00e9fectoire.jpg\" title=\"Open in lightbox\" class=\"prettyPhoto\" data-thumb=\"https:\/\/www.petitmountet.ch\/wp-content\/uploads\/2020\/04\/r\u00e9fectoire-150x150.jpg\" data-rel=\"prettyPhoto[]\"><img loading=\"lazy\" decoding=\"async\" src=\"data:image\/svg+xml;charset=utf-8,%3Csvg xmlns%3D'http%3A%2F%2Fwww.w3.org%2F2000%2Fsvg' viewBox%3D'0 0 900 675'%2F%3E\" data-src=\"https:\/\/www.petitmountet.ch\/wp-content\/uploads\/2020\/04\/r\u00e9fectoire.jpg\" width=\"900\" height=\"675\"  alt=\"r\u00e9fectoire du Petit Mountet\" \/><\/a><\/div>[\/vc_column][\/vc_row][vc_row][vc_column]<div class=\"dfd-spacer-module\"  data-units=\"px\" data-wide_resolution=\"1280\" data-wide_size=\"60\" data-normal_resolution=\"1024\" data-normal_size=\"60\" data-tablet_resolution=\"800\" data-tablet_size=\"20\" data-mobile_resolution=\"480\" data-mobile_size=\"20\" style=\"height: 60px;\"><\/div><div class=\"dfd-heading-shortcode\"><div class=\"dfd-heading-module-wrap  text-center style_01 dfd-heading-6a9683e88ced7 dfd-disable-resposive-headings\" id=\"dfd-heading-6a9683e88ced7\" ><div class=\"inline-block\"><div class=\"dfd-heading-module\"><h4 class=\"widget-title dfd-title \" style=\"color: #000000 !important; \"><\/p>\n<h5 style=\"text-align: left;\">Einzeltarif<\/h5>\n<p><\/h4><\/div><\/div><\/div><script type=\"text\/javascript\">\n\t\t\t\t\t\t\t\t\t(function($) {\n\t\t\t\t\t\t\t\t\t\t$(\"head\").append(\"<style>.dfd-heading-6a9683e88ced7.dfd-heading-module-wrap .dfd-heading-module .dfd-heading-delimiter {margin-top:10px;margin-bottom:10px;}<\/style>\");\n\t\t\t\t\t\t\t\t\t})(jQuery);\n\t\t\t\t\t\t\t\t<\/script><\/div>[\/vc_column][\/vc_row][vc_row force_equal_height_columns=&#8220;main_row&#8220; dfd_row_config=&#8220;full_width_content_paddings&#8220; css=&#8220;.vc_custom_1648116685015{margin-left: 10px !important;}&#8220;][vc_column width=&#8220;1\/3&#8243; dfd_column_responsive_enable=&#8220;dfd-column-responsive-enable&#8220; css=&#8220;.vc_custom_1648117343812{margin-right: 20px !important;margin-left: -20px !important;border-top-width: 1px !important;border-right-width: 1px !important;border-bottom-width: 1px !important;border-left-width: 1px !important;padding-top: 3% !important;padding-bottom: 3% !important;background-color: #f3f3f3 !important;border-left-color: #cc5d5f !important;border-left-style: solid !important;border-right-color: #cc5d5f !important;border-right-style: solid !important;border-top-color: #cc5d5f !important;border-top-style: solid !important;border-bottom-color: #cc5d5f !important;border-bottom-style: solid !important;}&#8220; col_shadow=&#8220;box_shadow_enable:disable|shadow_horizontal:0|shadow_vertical:15|shadow_blur:50|shadow_spread:0|box_shadow_color:rgba(0%2C0%2C0%2C.35)&#8220; col_shadow_hover=&#8220;box_shadow_enable:disable|shadow_horizontal:0|shadow_vertical:15|shadow_blur:50|shadow_spread:0|box_shadow_color:rgba(0%2C0%2C0%2C.35)&#8220; responsive_styles=&#8220;margin_bottom_mobile:10|margin_left_mobile:0|margin_right_mobile:20&#8243;][vc_column_text]<\/p>\n<p style=\"text-align: center;\"><strong>ERWACHSENE<\/strong><\/p>\n<p>[\/vc_column_text]<div class=\"dfd-spacer-module\"  data-units=\"px\" data-wide_resolution=\"1280\" data-wide_size=\"10\" data-normal_resolution=\"1024\" data-normal_size=\"10\" data-tablet_resolution=\"800\" data-tablet_size=\"10\" data-mobile_resolution=\"480\" data-mobile_size=\"10\" style=\"height: 10px;\"><\/div><div id=\"dfd-price-wrap-6a9683e88d02f-8053\" class=\"dfd-price-wrap \" ><div class=\"dfd-price-block\"><div class=\"text-wrap\"><div class=\"dfd-price-cover clearfix\"><div class=\"price-title feature-title\" style=\"\"> 1 \u00dcbernachtung mit Nachtessen und Fr\u00fchst\u00fcck <\/div><div class=\"price-delimeter\"><\/div><div class=\"amount-price amount feature-title\" style=\"\"> Fr. 75.00 <\/div><\/div><\/div><\/div><script type=\"text\/javascript\">(function($) {$(\"head\").append(\"<style>#dfd-price-wrap-6a9683e88d02f-8053 .dfd-price-cover .price-delimeter {border-bottom-style: none;}#dfd-price-wrap-6a9683e88d02f-8053 .thumb-wrap img {width: 80px;}#dfd-price-wrap-6a9683e88d02f-8053 .thumb-wrap img {height: 80px;}<\/style>\");})(jQuery);<\/script><\/div>[\/vc_column][vc_column width=&#8220;1\/3&#8243; dfd_column_responsive_enable=&#8220;dfd-column-responsive-enable&#8220; css=&#8220;.vc_custom_1648117351687{margin-right: 20px !important;border-top-width: 1px !important;border-right-width: 1px !important;border-bottom-width: 1px !important;border-left-width: 1px !important;padding-top: 3% !important;padding-bottom: 3% !important;background-color: #f3f3f3 !important;border-left-color: #cc5d5f !important;border-left-style: solid !important;border-right-color: #cc5d5f !important;border-right-style: solid !important;border-top-color: #cc5d5f !important;border-top-style: solid !important;border-bottom-color: #cc5d5f !important;border-bottom-style: solid !important;}&#8220; col_shadow=&#8220;box_shadow_enable:disable|shadow_horizontal:0|shadow_vertical:15|shadow_blur:50|shadow_spread:0|box_shadow_color:rgba(0%2C0%2C0%2C.35)&#8220; col_shadow_hover=&#8220;box_shadow_enable:disable|shadow_horizontal:0|shadow_vertical:15|shadow_blur:50|shadow_spread:0|box_shadow_color:rgba(0%2C0%2C0%2C.35)&#8220; responsive_styles=&#8220;margin_bottom_mobile:10|margin_left_mobile:0|margin_right_mobile:20&#8243;][vc_column_text]<\/p>\n<p style=\"text-align: center;\"><strong>KINDER VON 6 \u2013 16 JAHRE<\/strong><\/p>\n<p>[\/vc_column_text]<div class=\"dfd-spacer-module\"  data-units=\"px\" data-wide_resolution=\"1280\" data-wide_size=\"10\" data-normal_resolution=\"1024\" data-normal_size=\"10\" data-tablet_resolution=\"800\" data-tablet_size=\"10\" data-mobile_resolution=\"480\" data-mobile_size=\"10\" style=\"height: 10px;\"><\/div><div id=\"dfd-price-wrap-6a9683e88d0fa-6309\" class=\"dfd-price-wrap \" ><div class=\"dfd-price-block\"><div class=\"text-wrap\"><div class=\"dfd-price-cover clearfix\"><div class=\"price-title feature-title\" style=\"\"> 1 \u00dcbernachtung mit Nachtessen und Fr\u00fchst\u00fcck <\/div><div class=\"price-delimeter\"><\/div><div class=\"amount-price amount feature-title\" style=\"\"> Fr. 41.00 <\/div><\/div><\/div><\/div><script type=\"text\/javascript\">(function($) {$(\"head\").append(\"<style>#dfd-price-wrap-6a9683e88d0fa-6309 .dfd-price-cover .price-delimeter {border-bottom-style: none;}#dfd-price-wrap-6a9683e88d0fa-6309.dfd-price-wrap {width: 80%;}#dfd-price-wrap-6a9683e88d0fa-6309 .thumb-wrap img {width: 80px;}#dfd-price-wrap-6a9683e88d0fa-6309 .thumb-wrap img {height: 80px;}<\/style>\");})(jQuery);<\/script><\/div>[\/vc_column][vc_column width=&#8220;1\/3&#8243; dfd_column_responsive_enable=&#8220;dfd-column-responsive-enable&#8220; css=&#8220;.vc_custom_1648117388025{margin-right: -20px !important;border-top-width: 1px !important;border-right-width: 1px !important;border-bottom-width: 1px !important;border-left-width: 1px !important;padding-top: 3% !important;padding-bottom: 3% !important;background-color: #f3f3f3 !important;border-left-color: #cc5d5f !important;border-left-style: solid !important;border-right-color: #cc5d5f !important;border-right-style: solid !important;border-top-color: #cc5d5f !important;border-top-style: solid !important;border-bottom-color: #cc5d5f !important;border-bottom-style: solid !important;}&#8220; col_shadow=&#8220;box_shadow_enable:disable|shadow_horizontal:0|shadow_vertical:15|shadow_blur:50|shadow_spread:0|box_shadow_color:rgba(0%2C0%2C0%2C.35)&#8220; col_shadow_hover=&#8220;box_shadow_enable:disable|shadow_horizontal:0|shadow_vertical:15|shadow_blur:50|shadow_spread:0|box_shadow_color:rgba(0%2C0%2C0%2C.35)&#8220; responsive_styles=&#8220;margin_right_mobile:20&#8243;][vc_column_text]<\/p>\n<p style=\"text-align: center;\"><strong>KLEINKINDER VON 2-5 JAHRE<\/strong><\/p>\n<p>[\/vc_column_text]<div class=\"dfd-spacer-module\"  data-units=\"px\" data-wide_resolution=\"1280\" data-wide_size=\"10\" data-normal_resolution=\"1024\" data-normal_size=\"10\" data-tablet_resolution=\"800\" data-tablet_size=\"10\" data-mobile_resolution=\"480\" data-mobile_size=\"10\" style=\"height: 10px;\"><\/div><div id=\"dfd-price-wrap-6a9683e88d1a0-9483\" class=\"dfd-price-wrap \" ><div class=\"dfd-price-block\"><div class=\"text-wrap\"><div class=\"dfd-price-cover clearfix\"><div class=\"price-title feature-title\" style=\"\"> 1 \u00dcbernachtung mit Nachtessen und Fr\u00fchst\u00fcck <\/div><div class=\"price-delimeter\"><\/div><div class=\"amount-price amount feature-title\" style=\"\"> Fr. 20.00 <\/div><\/div><\/div><\/div><script type=\"text\/javascript\">(function($) {$(\"head\").append(\"<style>#dfd-price-wrap-6a9683e88d1a0-9483 .dfd-price-cover .price-delimeter {border-bottom-style: none;}#dfd-price-wrap-6a9683e88d1a0-9483.dfd-price-wrap {width: 80%;}#dfd-price-wrap-6a9683e88d1a0-9483 .thumb-wrap img {width: 80px;}#dfd-price-wrap-6a9683e88d1a0-9483 .thumb-wrap img {height: 80px;}<\/style>\");})(jQuery);<\/script><\/div>[\/vc_column][\/vc_row][vc_row][vc_column col_shadow=&#8220;box_shadow_enable:disable|shadow_horizontal:0|shadow_vertical:15|shadow_blur:50|shadow_spread:0|box_shadow_color:rgba(0%2C0%2C0%2C.35)&#8220; col_shadow_hover=&#8220;box_shadow_enable:disable|shadow_horizontal:0|shadow_vertical:15|shadow_blur:50|shadow_spread:0|box_shadow_color:rgba(0%2C0%2C0%2C.35)&#8220;]<div class=\"dfd-spacer-module\"  data-units=\"px\" data-wide_resolution=\"1280\" data-wide_size=\"35\" data-normal_resolution=\"1024\" data-normal_size=\"35\" data-tablet_resolution=\"800\" data-tablet_size=\"20\" data-mobile_resolution=\"480\" data-mobile_size=\"20\" style=\"height: 35px;\"><\/div>[\/vc_column][\/vc_row][vc_row][vc_column dfd_column_responsive_enable=&#8220;dfd-column-responsive-enable&#8220; css=&#8220;.vc_custom_1648117403156{border-top-width: 1px !important;border-right-width: 1px !important;border-bottom-width: 1px !important;border-left-width: 1px !important;padding-top: 3% !important;padding-bottom: 3% !important;background-color: #f3f3f3 !important;border-left-color: #cc5d5f !important;border-left-style: solid !important;border-right-color: #cc5d5f !important;border-right-style: solid !important;border-top-color: #cc5d5f !important;border-top-style: solid !important;border-bottom-color: #cc5d5f !important;border-bottom-style: solid !important;}&#8220; col_shadow=&#8220;box_shadow_enable:disable|shadow_horizontal:0|shadow_vertical:15|shadow_blur:50|shadow_spread:0|box_shadow_color:rgba(0%2C0%2C0%2C.35)&#8220; col_shadow_hover=&#8220;box_shadow_enable:disable|shadow_horizontal:0|shadow_vertical:15|shadow_blur:50|shadow_spread:0|box_shadow_color:rgba(0%2C0%2C0%2C.35)&#8220; responsive_styles=&#8220;margin_left_mobile:20|margin_right_mobile:20&#8243;][vc_column_text]<\/p>\n<p style=\"font-family: texgyreadventorregular; font-weight: 600; font-size: 15px; text-align: center;\">F\u00fcr Kinder unter 2 Jahren wird keine Geb\u00fchr erhoben.<\/p>\n<p>[\/vc_column_text]<div class=\"dfd-spacer-module\"  data-units=\"px\" data-wide_resolution=\"1280\" data-wide_size=\"35\" data-normal_resolution=\"1024\" data-normal_size=\"35\" data-tablet_resolution=\"800\" data-tablet_size=\"20\" data-mobile_resolution=\"480\" data-mobile_size=\"20\" style=\"height: 35px;\"><\/div>[vc_column_text]<\/p>\n<p style=\"font-family: texgyreadventorregular; font-weight: 600; font-size: 15px; text-align: center; color: #cc5d5f;\">Angebot f\u00fcr 2 N\u00e4chte:<br \/>\nErste Nacht: Fr. 75.00, zweite Nacht: Fr. 60.00 = Total Fr. 135.00 pro Person<\/p>\n<p>[\/vc_column_text][\/vc_column][\/vc_row][vc_row][vc_column]<div class=\"dfd-spacer-module\"  data-units=\"px\" data-wide_resolution=\"1280\" data-wide_size=\"60\" data-normal_resolution=\"1024\" data-normal_size=\"60\" data-tablet_resolution=\"800\" data-tablet_size=\"40\" data-mobile_resolution=\"480\" data-mobile_size=\"40\" style=\"height: 60px;\"><\/div><div class=\"dfd-heading-shortcode\"><div class=\"dfd-heading-module-wrap  text-center style_01 dfd-heading-6a9683e88d2be dfd-disable-resposive-headings\" id=\"dfd-heading-6a9683e88d2be\" ><div class=\"inline-block\"><div class=\"dfd-heading-module\"><h4 class=\"widget-title dfd-title \" style=\"color: #000000 !important; \"><\/p>\n<h5>Gruppentarife (ab 10 Personen)<\/h5>\n<p><\/h4><\/div><\/div><\/div><script type=\"text\/javascript\">\n\t\t\t\t\t\t\t\t\t(function($) {\n\t\t\t\t\t\t\t\t\t\t$(\"head\").append(\"<style>.dfd-heading-6a9683e88d2be.dfd-heading-module-wrap .dfd-heading-module .dfd-heading-delimiter {margin-top:10px;margin-bottom:10px;}<\/style>\");\n\t\t\t\t\t\t\t\t\t})(jQuery);\n\t\t\t\t\t\t\t\t<\/script><\/div>[\/vc_column][\/vc_row][vc_row force_equal_height_columns=&#8220;main_row&#8220; align_content_vertically=&#8220;&#8220; mobile_destroy_equal_heights=&#8220;yes&#8220;][vc_column width=&#8220;1\/4&#8243; css=&#8220;.vc_custom_1742455426079{background-color: #FFFFFF !important;border-color: #CC5D5F !important;}&#8220; col_shadow=&#8220;box_shadow_enable:disable|shadow_horizontal:0|shadow_vertical:15|shadow_blur:50|shadow_spread:0|box_shadow_color:rgba(0%2C0%2C0%2C.35)&#8220; col_shadow_hover=&#8220;box_shadow_enable:disable|shadow_horizontal:0|shadow_vertical:15|shadow_blur:50|shadow_spread:0|box_shadow_color:rgba(0%2C0%2C0%2C.35)&#8220;][\/vc_column][vc_column width=&#8220;1\/4&#8243; dfd_column_responsive_enable=&#8220;dfd-column-responsive-enable&#8220; css=&#8220;.vc_custom_1742307529858{margin-right: 20px !important;margin-left: -10px !important;border-top-width: 1px !important;border-right-width: 1px !important;border-bottom-width: 1px !important;border-left-width: 1px !important;padding-top: 3% !important;padding-bottom: 3% !important;background-color: #f3f3f3 !important;border-left-style: solid !important;border-right-style: solid !important;border-top-style: solid !important;border-bottom-style: solid !important;border-color: #cc5d5f !important;}&#8220; col_shadow=&#8220;box_shadow_enable:disable|shadow_horizontal:0|shadow_vertical:15|shadow_blur:50|shadow_spread:0|box_shadow_color:rgba(0%2C0%2C0%2C.35)&#8220; col_shadow_hover=&#8220;box_shadow_enable:disable|shadow_horizontal:0|shadow_vertical:15|shadow_blur:50|shadow_spread:0|box_shadow_color:rgba(0%2C0%2C0%2C.35)&#8220; responsive_styles=&#8220;border_bottom_desktop:10|margin_left_mobile:20|margin_right_mobile:20&#8243;][vc_column_text]<\/p>\n<p style=\"text-align: center;\"><strong>ERWACHSENE<\/strong><\/p>\n<p>[\/vc_column_text]<div class=\"dfd-spacer-module\"  data-units=\"px\" data-wide_resolution=\"1280\" data-wide_size=\"10\" data-normal_resolution=\"1024\" data-normal_size=\"10\" data-tablet_resolution=\"800\" data-tablet_size=\"10\" data-mobile_resolution=\"480\" data-mobile_size=\"10\" style=\"height: 10px;\"><\/div><div id=\"dfd-price-wrap-6a9683e88d3a5-102\" class=\"dfd-price-wrap \" ><div class=\"dfd-price-block\"><div class=\"text-wrap\"><div class=\"dfd-price-cover clearfix\"><div class=\"price-title feature-title\" style=\"\"> 1 \u00dcbernachtung mit Nachtessen und Fr\u00fchst\u00fcck <\/div><div class=\"price-delimeter\"><\/div><div class=\"amount-price amount feature-title\" style=\"\"> Fr. 72.00 <\/div><\/div><\/div><\/div><script type=\"text\/javascript\">(function($) {$(\"head\").append(\"<style>#dfd-price-wrap-6a9683e88d3a5-102 .dfd-price-cover .price-delimeter {border-bottom-style: none;}#dfd-price-wrap-6a9683e88d3a5-102 .thumb-wrap img {width: 80px;}#dfd-price-wrap-6a9683e88d3a5-102 .thumb-wrap img {height: 80px;}<\/style>\");})(jQuery);<\/script><\/div>[\/vc_column][vc_column width=&#8220;1\/4&#8243; dfd_column_responsive_enable=&#8220;dfd-column-responsive-enable&#8220; css=&#8220;.vc_custom_1742455387238{margin-right: -10px !important;border-top-width: 1px !important;border-right-width: 1px !important;border-bottom-width: 1px !important;border-left-width: 1px !important;padding-top: 3% !important;padding-bottom: 3% !important;background-color: #F3F3F3 !important;border-left-style: solid !important;border-right-style: solid !important;border-top-style: solid !important;border-bottom-style: solid !important;border-color: #CC5D5F !important;}&#8220; col_shadow=&#8220;box_shadow_enable:disable|shadow_horizontal:0|shadow_vertical:15|shadow_blur:50|shadow_spread:0|box_shadow_color:rgba(0%2C0%2C0%2C.35)&#8220; col_shadow_hover=&#8220;box_shadow_enable:disable|shadow_horizontal:0|shadow_vertical:15|shadow_blur:50|shadow_spread:0|box_shadow_color:rgba(0%2C0%2C0%2C.35)&#8220; responsive_styles=&#8220;margin_top_mobile:20|margin_left_mobile:20|margin_right_mobile:20&#8243;][vc_column_text]<\/p>\n<p style=\"text-align: center;\"><strong>KINDER VON 6 \u2013 16 JAHRE<\/strong><\/p>\n<p>[\/vc_column_text]<div class=\"dfd-spacer-module\"  data-units=\"px\" data-wide_resolution=\"1280\" data-wide_size=\"10\" data-normal_resolution=\"1024\" data-normal_size=\"10\" data-tablet_resolution=\"800\" data-tablet_size=\"10\" data-mobile_resolution=\"480\" data-mobile_size=\"10\" style=\"height: 10px;\"><\/div><div id=\"dfd-price-wrap-6a9683e88d43e-6718\" class=\"dfd-price-wrap \" ><div class=\"dfd-price-block\"><div class=\"text-wrap\"><div class=\"dfd-price-cover clearfix\"><div class=\"price-title feature-title\" style=\"\"> 1 \u00dcbernachtung mit Nachtessen und Fr\u00fchst\u00fcck <\/div><div class=\"price-delimeter\"><\/div><div class=\"amount-price amount feature-title\" style=\"\"> Fr. 39.00 <\/div><\/div><\/div><\/div><script type=\"text\/javascript\">(function($) {$(\"head\").append(\"<style>#dfd-price-wrap-6a9683e88d43e-6718 .dfd-price-cover .price-delimeter {border-bottom-style: none;}#dfd-price-wrap-6a9683e88d43e-6718.dfd-price-wrap {width: 80%;}#dfd-price-wrap-6a9683e88d43e-6718 .thumb-wrap img {width: 80px;}#dfd-price-wrap-6a9683e88d43e-6718 .thumb-wrap img {height: 80px;}<\/style>\");})(jQuery);<\/script><\/div>[\/vc_column][vc_column width=&#8220;1\/4&#8243;][\/vc_column][\/vc_row][vc_row][vc_column]<div class=\"dfd-spacer-module\"  data-units=\"px\" data-wide_resolution=\"1280\" data-wide_size=\"35\" data-normal_resolution=\"1024\" data-normal_size=\"35\" data-tablet_resolution=\"800\" data-tablet_size=\"20\" data-mobile_resolution=\"480\" data-mobile_size=\"20\" style=\"height: 35px;\"><\/div>[vc_column_text css=&#8220;&#8220;]Kurtaxe: Fr. 4.00\/pro Nacht f\u00fcr Erwachsene, Fr. 2.00\/pro Nacht f\u00fcr Kinder<\/p>\n<p><strong>Pass Anniviers Libert\u00e9<\/strong> Jeder Gast, der in der Bergh\u00fctte \u00fcbernachtet und die Kurtaxe bezahlt hat, erh\u00e4lt den \u201ePass Anniviers Libert\u00e9. Mit diesem k\u00f6nnen verschiedene Angebote, wie Benutzung von Freizeitinfrastrukturen (z.B. Hallenbad in Zinal) und Transporte geniessen. Diese k\u00f6nnen teilweise gratis, teilweise mit Rabatt in Anspruch genommen werden (<a href=\"https:\/\/www.valdanniviers.ch\/de\/pass-anniviers-liberte-198.html\" target=\"_blank\" rel=\"noopener noreferrer\">mehr Informationen<\/a>).<\/p>\n<p>Sie k\u00f6nnen die Vorteile des Passes bereits am Tag vor Ihrer Ankunft in der H\u00fctte nutzen, beispielsweise f\u00fcr die Bergbahnen oder andere Aktivit\u00e4ten. Nutzen Sie dazu den Link, den Sie bei Ihrer Buchung per E-Mail erhalten haben.[\/vc_column_text][\/vc_column][\/vc_row][vc_row][vc_column]<div class=\"dfd-spacer-module\"  data-units=\"px\" data-wide_resolution=\"1280\" data-wide_size=\"60\" data-normal_resolution=\"1024\" data-normal_size=\"60\" data-tablet_resolution=\"800\" data-tablet_size=\"40\" data-mobile_resolution=\"480\" data-mobile_size=\"40\" style=\"height: 60px;\"><\/div><div class=\"dfd-heading-shortcode\"><div class=\"dfd-heading-module-wrap  text-center style_01 dfd-heading-6a9683e88d52a dfd-disable-resposive-headings\" id=\"dfd-heading-6a9683e88d52a\" ><div class=\"inline-block\"><div class=\"dfd-heading-module\"><h4 class=\"widget-title dfd-title \" style=\"color: #000000 !important; \"><\/p>\n<h5>Konditionen<\/h5>\n<p><\/h4><\/div><\/div><\/div><script type=\"text\/javascript\">\n\t\t\t\t\t\t\t\t\t(function($) {\n\t\t\t\t\t\t\t\t\t\t$(\"head\").append(\"<style>.dfd-heading-6a9683e88d52a.dfd-heading-module-wrap .dfd-heading-module .dfd-heading-delimiter {margin-top:10px;margin-bottom:10px;}<\/style>\");\n\t\t\t\t\t\t\t\t\t})(jQuery);\n\t\t\t\t\t\t\t\t<\/script><\/div>[vc_column_text css=&#8220;&#8220;]Alle Preise sind in Schweizerfranken (CHF), inklusive MwST.<\/p>\n<p><strong>Bitte bevorzugen Sie die Barzahlung vor Ort<\/strong>.[\/vc_column_text]<div class=\"dfd-spacer-module\"  data-units=\"px\" data-wide_resolution=\"1280\" data-wide_size=\"30\" data-normal_resolution=\"1024\" data-normal_size=\"30\" data-tablet_resolution=\"800\" data-tablet_size=\"30\" data-mobile_resolution=\"480\" data-mobile_size=\"30\" style=\"height: 30px;\"><\/div>[vc_column_text]<\/p>\n<p style=\"text-align: left;\">F\u00fcr l\u00e4ngere Aufenthalte und Aufenthalte in Gruppen in einer H\u00fctte ben\u00f6tigen Sie einen <a href=\"https:\/\/www.schweizer-huetten.ch\/fuer-unsere-huettengaeste\/huettenknigge\" target=\"_blank\" rel=\"noopener\">H\u00fctten-Code<\/a>, welcher von der Gesellschaft \u201e schweizer-huetten\u201c ausgestellt wird.<\/p>\n<p>[\/vc_column_text][\/vc_column][\/vc_row][vc_row][vc_column]<div class=\"dfd-spacer-module\"  data-units=\"px\" data-wide_resolution=\"1280\" data-wide_size=\"60\" data-normal_resolution=\"1024\" data-normal_size=\"60\" data-tablet_resolution=\"800\" data-tablet_size=\"40\" data-mobile_resolution=\"480\" data-mobile_size=\"40\" style=\"height: 60px;\"><\/div>[\/vc_column][\/vc_row]<\/p>\n<\/div>","protected":false},"excerpt":{"rendered":"<p>[vc_row][vc_column][vc_column_text] Komfortable und einladende Unterkunft zum: [\/vc_column_text][\/vc_column][\/vc_row][vc_row][vc_column width=&#8220;1\/2&#8243;][vc_column_text]Beobachten der Tiere in der Abendd\u00e4mmerung, bestaunen eines unglaublichen Sternenhimmels, bewundern eines Sonnenaufgangs, profitieren Sie vom garantierten Komfort nach einem langen Wandertag,\u2026 Das<\/p>\n","protected":false},"author":1,"featured_media":0,"parent":0,"menu_order":0,"comment_status":"closed","ping_status":"closed","template":"","meta":{"footnotes":""},"class_list":["post-19227","page","type-page","status-publish","hentry"],"yoast_head":"<!-- This site is optimized with the Yoast SEO plugin v28.2 - https:\/\/yoast.com\/product\/yoast-seo-wordpress\/ -->\n<title>Gem\u00fctliche Zimmer in den Bergen<\/title>\n<meta name=\"description\" content=\"Unsere komfortablen und gem\u00fctlichen Zimmer hei\u00dfen Sie f\u00fcr eine Nacht oder l\u00e4nger willkommen. Genie\u00dfen Sie die Ruhe und die Sch\u00f6nheit der Berge von Ihrem Fenster aus.\" \/>\n<meta name=\"robots\" content=\"index, follow, max-snippet:-1, max-image-preview:large, max-video-preview:-1\" \/>\n<link rel=\"canonical\" href=\"https:\/\/www.petitmountet.ch\/de\/unterkunft\/\" \/>\n<meta property=\"og:locale\" content=\"de_DE\" \/>\n<meta property=\"og:type\" content=\"article\" \/>\n<meta property=\"og:title\" content=\"Gem\u00fctliche Zimmer in den Bergen\" \/>\n<meta property=\"og:description\" content=\"Unsere komfortablen und gem\u00fctlichen Zimmer hei\u00dfen Sie f\u00fcr eine Nacht oder l\u00e4nger willkommen. Genie\u00dfen Sie die Ruhe und die Sch\u00f6nheit der Berge von Ihrem Fenster aus.\" \/>\n<meta property=\"og:url\" content=\"https:\/\/www.petitmountet.ch\/de\/unterkunft\/\" \/>\n<meta property=\"og:site_name\" content=\"Cabane du Petit Mountet | Val d&#039;Anniviers\" \/>\n<meta property=\"article:modified_time\" content=\"2026-03-31T13:15:04+00:00\" \/>\n<meta name=\"twitter:card\" content=\"summary_large_image\" \/>\n<meta name=\"twitter:label1\" content=\"Gesch\u00e4tzte Lesezeit\" \/>\n\t<meta name=\"twitter:data1\" content=\"5\u00a0Minuten\" \/>\n<script type=\"application\/ld+json\" class=\"yoast-schema-graph\">{\"@context\":\"https:\\\/\\\/schema.org\",\"@graph\":[{\"@type\":\"WebPage\",\"@id\":\"https:\\\/\\\/www.petitmountet.ch\\\/de\\\/unterkunft\\\/\",\"url\":\"https:\\\/\\\/www.petitmountet.ch\\\/de\\\/unterkunft\\\/\",\"name\":\"Gem\u00fctliche Zimmer in den Bergen\",\"isPartOf\":{\"@id\":\"https:\\\/\\\/www.petitmountet.ch\\\/#website\"},\"datePublished\":\"2020-06-05T13:28:56+00:00\",\"dateModified\":\"2026-03-31T13:15:04+00:00\",\"description\":\"Unsere komfortablen und gem\u00fctlichen Zimmer hei\u00dfen Sie f\u00fcr eine Nacht oder l\u00e4nger willkommen. Genie\u00dfen Sie die Ruhe und die Sch\u00f6nheit der Berge von Ihrem Fenster aus.\",\"breadcrumb\":{\"@id\":\"https:\\\/\\\/www.petitmountet.ch\\\/de\\\/unterkunft\\\/#breadcrumb\"},\"inLanguage\":\"de\",\"potentialAction\":[{\"@type\":\"ReadAction\",\"target\":[\"https:\\\/\\\/www.petitmountet.ch\\\/de\\\/unterkunft\\\/\"]}]},{\"@type\":\"BreadcrumbList\",\"@id\":\"https:\\\/\\\/www.petitmountet.ch\\\/de\\\/unterkunft\\\/#breadcrumb\",\"itemListElement\":[{\"@type\":\"ListItem\",\"position\":1,\"name\":\"Accueil\",\"item\":\"https:\\\/\\\/www.petitmountet.ch\\\/de\\\/\"},{\"@type\":\"ListItem\",\"position\":2,\"name\":\"Unterkunft\"}]},{\"@type\":\"WebSite\",\"@id\":\"https:\\\/\\\/www.petitmountet.ch\\\/#website\",\"url\":\"https:\\\/\\\/www.petitmountet.ch\\\/\",\"name\":\"Cabane du Petit Mountet | Val d&#039;Anniviers\",\"description\":\"Petit coin de paradis\",\"potentialAction\":[{\"@type\":\"SearchAction\",\"target\":{\"@type\":\"EntryPoint\",\"urlTemplate\":\"https:\\\/\\\/www.petitmountet.ch\\\/?s={search_term_string}\"},\"query-input\":{\"@type\":\"PropertyValueSpecification\",\"valueRequired\":true,\"valueName\":\"search_term_string\"}}],\"inLanguage\":\"de\"}]}<\/script>\n<!-- \/ Yoast SEO plugin. -->","yoast_head_json":{"title":"Gem\u00fctliche Zimmer in den Bergen","description":"Unsere komfortablen und gem\u00fctlichen Zimmer hei\u00dfen Sie f\u00fcr eine Nacht oder l\u00e4nger willkommen. Genie\u00dfen Sie die Ruhe und die Sch\u00f6nheit der Berge von Ihrem Fenster aus.","robots":{"index":"index","follow":"follow","max-snippet":"max-snippet:-1","max-image-preview":"max-image-preview:large","max-video-preview":"max-video-preview:-1"},"canonical":"https:\/\/www.petitmountet.ch\/de\/unterkunft\/","og_locale":"de_DE","og_type":"article","og_title":"Gem\u00fctliche Zimmer in den Bergen","og_description":"Unsere komfortablen und gem\u00fctlichen Zimmer hei\u00dfen Sie f\u00fcr eine Nacht oder l\u00e4nger willkommen. Genie\u00dfen Sie die Ruhe und die Sch\u00f6nheit der Berge von Ihrem Fenster aus.","og_url":"https:\/\/www.petitmountet.ch\/de\/unterkunft\/","og_site_name":"Cabane du Petit Mountet | Val d&#039;Anniviers","article_modified_time":"2026-03-31T13:15:04+00:00","twitter_card":"summary_large_image","twitter_misc":{"Gesch\u00e4tzte Lesezeit":"5\u00a0Minuten"},"schema":{"@context":"https:\/\/schema.org","@graph":[{"@type":"WebPage","@id":"https:\/\/www.petitmountet.ch\/de\/unterkunft\/","url":"https:\/\/www.petitmountet.ch\/de\/unterkunft\/","name":"Gem\u00fctliche Zimmer in den Bergen","isPartOf":{"@id":"https:\/\/www.petitmountet.ch\/#website"},"datePublished":"2020-06-05T13:28:56+00:00","dateModified":"2026-03-31T13:15:04+00:00","description":"Unsere komfortablen und gem\u00fctlichen Zimmer hei\u00dfen Sie f\u00fcr eine Nacht oder l\u00e4nger willkommen. Genie\u00dfen Sie die Ruhe und die Sch\u00f6nheit der Berge von Ihrem Fenster aus.","breadcrumb":{"@id":"https:\/\/www.petitmountet.ch\/de\/unterkunft\/#breadcrumb"},"inLanguage":"de","potentialAction":[{"@type":"ReadAction","target":["https:\/\/www.petitmountet.ch\/de\/unterkunft\/"]}]},{"@type":"BreadcrumbList","@id":"https:\/\/www.petitmountet.ch\/de\/unterkunft\/#breadcrumb","itemListElement":[{"@type":"ListItem","position":1,"name":"Accueil","item":"https:\/\/www.petitmountet.ch\/de\/"},{"@type":"ListItem","position":2,"name":"Unterkunft"}]},{"@type":"WebSite","@id":"https:\/\/www.petitmountet.ch\/#website","url":"https:\/\/www.petitmountet.ch\/","name":"Cabane du Petit Mountet | Val d&#039;Anniviers","description":"Petit coin de paradis","potentialAction":[{"@type":"SearchAction","target":{"@type":"EntryPoint","urlTemplate":"https:\/\/www.petitmountet.ch\/?s={search_term_string}"},"query-input":{"@type":"PropertyValueSpecification","valueRequired":true,"valueName":"search_term_string"}}],"inLanguage":"de"}]}},"_links":{"self":[{"href":"https:\/\/www.petitmountet.ch\/de\/wp-json\/wp\/v2\/pages\/19227","targetHints":{"allow":["GET"]}}],"collection":[{"href":"https:\/\/www.petitmountet.ch\/de\/wp-json\/wp\/v2\/pages"}],"about":[{"href":"https:\/\/www.petitmountet.ch\/de\/wp-json\/wp\/v2\/types\/page"}],"author":[{"embeddable":true,"href":"https:\/\/www.petitmountet.ch\/de\/wp-json\/wp\/v2\/users\/1"}],"replies":[{"embeddable":true,"href":"https:\/\/www.petitmountet.ch\/de\/wp-json\/wp\/v2\/comments?post=19227"}],"version-history":[{"count":33,"href":"https:\/\/www.petitmountet.ch\/de\/wp-json\/wp\/v2\/pages\/19227\/revisions"}],"predecessor-version":[{"id":21156,"href":"https:\/\/www.petitmountet.ch\/de\/wp-json\/wp\/v2\/pages\/19227\/revisions\/21156"}],"wp:attachment":[{"href":"https:\/\/www.petitmountet.ch\/de\/wp-json\/wp\/v2\/media?parent=19227"}],"curies":[{"name":"wp","href":"https:\/\/api.w.org\/{rel}","templated":true}]}}