{"id":19276,"date":"2020-06-05T16:50:35","date_gmt":"2020-06-05T14:50:35","guid":{"rendered":"https:\/\/www.petitmountet.ch\/?page_id=19276"},"modified":"2026-01-08T11:07:46","modified_gmt":"2026-01-08T10:07:46","slug":"anreise","status":"publish","type":"page","link":"https:\/\/www.petitmountet.ch\/de\/anreise\/","title":{"rendered":"Anreise und \u00d6ffnungszeiten"},"content":{"rendered":"<div class=\"wpb-content-wrapper\"><p>[vc_row][vc_column][vc_column_text]<\/p>\n<h5 style=\"text-align: center;\">Bergh\u00fctte im Mittelgebirge des Val d\u2019Anniviers<\/h5>\n<p>[\/vc_column_text]<div class=\"dfd-spacer-module\"  data-units=\"px\" data-wide_resolution=\"1280\" data-wide_size=\"50\" data-normal_resolution=\"1024\" data-normal_size=\"\" data-tablet_resolution=\"800\" data-tablet_size=\"\" data-mobile_resolution=\"480\" data-mobile_size=\"\" style=\"height: 50px;\"><\/div>[\/vc_column][\/vc_row][vc_row][vc_column width=&#8220;1\/2&#8243;][vc_column_text]<\/p>\n<p style=\"text-align: left;\"><strong>Von Zinal aus<\/strong>, am Ort Singline, Bushaltestelle und Parkplatz<\/p>\n<p style=\"text-align: left;\"><a href=\"https:\/\/www.google.ch\/maps\/place\/Zinal,+3961+Ayer\/@46.1323463,7.6208351,15z\/data=!3m1!4b1!4m5!3m4!1s0x478f2533fa93bcb3:0x13c853533335ebd0!8m2!3d46.1357214!4d7.6257892\" target=\"_blank\" rel=\"noopener noreferrer\">&gt; Siehe Google Maps<\/a><\/p>\n<p><a href=\"https:\/\/www.outdooractive.com\/de\/route\/wanderung\/zinal-cabane-du-petit-mountet-n-5\/38723094\/?i=38723094\" target=\"_blank\" rel=\"noopener\">&gt; Outdooractive<\/a><\/p>\n<p style=\"text-align: left;\">Ab Zinal rechnet man mit etwa <strong>2 bis 2.5 Stunden Fussmarsch<\/strong> bis zur H\u00fctte.<\/p>\n<p style=\"text-align: left;\">Sie ist auch ist gut erreichbar f\u00fcr Familien und Wanderer. (460 m H\u00f6henunterschied)<\/p>\n<p>[\/vc_column_text]<div class=\"dfd-spacer-module\"  data-units=\"px\" data-wide_resolution=\"1280\" data-wide_size=\"35\" data-normal_resolution=\"1024\" data-normal_size=\"35\" data-tablet_resolution=\"800\" data-tablet_size=\"20\" data-mobile_resolution=\"480\" data-mobile_size=\"20\" style=\"height: 35px;\"><\/div>[vc_column_text]<strong>Adresse und Kontakt<\/strong><\/p>\n<p style=\"text-align: left;\">Bergh\u00fctte Petit-Mountet<br \/>\n3961 Zinal<br \/>\n(Val d\u2019Anniviers, Schweiz)<br \/>\n2\u2018615\u2018055\/1\u2018104\u2018547<\/p>\n<p style=\"text-align: left;\">E-mail : <a href=\"mailto:petitmountet@bluewin.ch\">petitmountet@bluewin.ch<\/a><\/p>\n<p><a href=\"https:\/\/www.petitmountet.ch\/wp-content\/uploads\/2020\/03\/plan-access-cabane-petit-mountet.pdf\">Zugangsplan herunterladen<\/a>[\/vc_column_text]<div class=\"dfd-spacer-module\"  data-units=\"px\" data-wide_resolution=\"1280\" data-wide_size=\"\" data-normal_resolution=\"1024\" data-normal_size=\"\" data-tablet_resolution=\"800\" data-tablet_size=\"20\" data-mobile_resolution=\"480\" data-mobile_size=\"20\" style=\"height: px;\"><\/div>[\/vc_column][vc_column width=&#8220;1\/2&#8243;][vc_single_image image=&#8220;18635&#8243; img_size=&#8220;full&#8220; alignment=&#8220;center&#8220;][\/vc_column][\/vc_row][vc_row][vc_column]<div class=\"dfd-spacer-module\"  data-units=\"px\" data-wide_resolution=\"1280\" data-wide_size=\"60\" data-normal_resolution=\"1024\" data-normal_size=\"60\" data-tablet_resolution=\"800\" data-tablet_size=\"60\" data-mobile_resolution=\"480\" data-mobile_size=\"60\" style=\"height: 60px;\"><\/div>[\/vc_column][\/vc_row][vc_row][vc_column][vc_column_text]<\/p>\n<h5 style=\"text-align: center;\">\u00d6FFNUNGSZEITEN:<br \/>\nWir beherbergen Sie von Juni bis Oktober<\/h5>\n<p>[\/vc_column_text]<div class=\"dfd-spacer-module\"  data-units=\"px\" data-wide_resolution=\"1280\" data-wide_size=\"30\" data-normal_resolution=\"1024\" data-normal_size=\"\" data-tablet_resolution=\"800\" data-tablet_size=\"\" data-mobile_resolution=\"480\" data-mobile_size=\"\" style=\"height: 30px;\"><\/div>[\/vc_column][\/vc_row][vc_row][vc_column width=&#8220;1\/2&#8243;][vc_column_text css=&#8220;&#8220;]<strong>Fr\u00fchling<\/strong><\/p>\n<p>Vom 4. Juni bis zum 14. Juni 2026 Donnerstag \u2013 Freitag \u2013 Samstag \u2013 Sonntag<\/p>\n<p><strong>Sommer<\/strong><\/p>\n<p>Vom 18. Juni bis zum 27. September 2026 7 Tage die Woche<\/p>\n<p><strong>Herbst<\/strong><\/p>\n<p>Vom 1. Oktober bis zum 31. Oktober 2026 Donnerstag \u2013 Freitag \u2013 Samstag \u2013 Sonntag<\/p>\n<p><strong>Winter<\/strong><\/p>\n<p>Geschlossen[\/vc_column_text][\/vc_column][vc_column width=&#8220;1\/2&#8243;][vc_single_image image=&#8220;18628&#8243; img_size=&#8220;full&#8220; alignment=&#8220;center&#8220;][\/vc_column][\/vc_row]<\/p>\n<\/div>","protected":false},"excerpt":{"rendered":"<p>[vc_row][vc_column][vc_column_text] Bergh\u00fctte im Mittelgebirge des Val d\u2019Anniviers [\/vc_column_text][\/vc_column][\/vc_row][vc_row][vc_column width=&#8220;1\/2&#8243;][vc_column_text] Von Zinal aus, am Ort Singline, Bushaltestelle und Parkplatz &gt; Siehe Google Maps &gt; Outdooractive Ab Zinal rechnet man mit etwa<\/p>\n","protected":false},"author":1,"featured_media":0,"parent":0,"menu_order":0,"comment_status":"closed","ping_status":"closed","template":"","meta":{"footnotes":""},"class_list":["post-19276","page","type-page","status-publish","hentry"],"yoast_head":"<!-- This site is optimized with the Yoast SEO plugin v28.2 - https:\/\/yoast.com\/product\/yoast-seo-wordpress\/ -->\n<title>Kontaktieren Sie uns f\u00fcr Ihren Aufenthalt in den Bergen<\/title>\n<meta name=\"description\" content=\"Kontaktieren Sie uns, wenn Sie Informationen ben\u00f6tigen oder eine Reservierung vornehmen m\u00f6chten. Unser Team beantwortet gerne alle Ihre Fragen und hilft Ihnen, Ihren Aufenthalt zu organisieren.\" \/>\n<meta name=\"robots\" content=\"index, follow, max-snippet:-1, max-image-preview:large, max-video-preview:-1\" \/>\n<link rel=\"canonical\" href=\"https:\/\/www.petitmountet.ch\/de\/anreise\/\" \/>\n<meta property=\"og:locale\" content=\"de_DE\" \/>\n<meta property=\"og:type\" content=\"article\" \/>\n<meta property=\"og:title\" content=\"Kontaktieren Sie uns f\u00fcr Ihren Aufenthalt in den Bergen\" \/>\n<meta property=\"og:description\" content=\"Kontaktieren Sie uns, wenn Sie Informationen ben\u00f6tigen oder eine Reservierung vornehmen m\u00f6chten. Unser Team beantwortet gerne alle Ihre Fragen und hilft Ihnen, Ihren Aufenthalt zu organisieren.\" \/>\n<meta property=\"og:url\" content=\"https:\/\/www.petitmountet.ch\/de\/anreise\/\" \/>\n<meta property=\"og:site_name\" content=\"Cabane du Petit Mountet | Val d&#039;Anniviers\" \/>\n<meta property=\"article:modified_time\" content=\"2026-01-08T10:07:46+00:00\" \/>\n<meta name=\"twitter:card\" content=\"summary_large_image\" \/>\n<meta name=\"twitter:label1\" content=\"Gesch\u00e4tzte Lesezeit\" \/>\n\t<meta name=\"twitter:data1\" content=\"1\u00a0Minute\" \/>\n<script type=\"application\/ld+json\" class=\"yoast-schema-graph\">{\"@context\":\"https:\\\/\\\/schema.org\",\"@graph\":[{\"@type\":\"WebPage\",\"@id\":\"https:\\\/\\\/www.petitmountet.ch\\\/de\\\/anreise\\\/\",\"url\":\"https:\\\/\\\/www.petitmountet.ch\\\/de\\\/anreise\\\/\",\"name\":\"Kontaktieren Sie uns f\u00fcr Ihren Aufenthalt in den Bergen\",\"isPartOf\":{\"@id\":\"https:\\\/\\\/www.petitmountet.ch\\\/#website\"},\"datePublished\":\"2020-06-05T14:50:35+00:00\",\"dateModified\":\"2026-01-08T10:07:46+00:00\",\"description\":\"Kontaktieren Sie uns, wenn Sie Informationen ben\u00f6tigen oder eine Reservierung vornehmen m\u00f6chten. Unser Team beantwortet gerne alle Ihre Fragen und hilft Ihnen, Ihren Aufenthalt zu organisieren.\",\"breadcrumb\":{\"@id\":\"https:\\\/\\\/www.petitmountet.ch\\\/de\\\/anreise\\\/#breadcrumb\"},\"inLanguage\":\"de\",\"potentialAction\":[{\"@type\":\"ReadAction\",\"target\":[\"https:\\\/\\\/www.petitmountet.ch\\\/de\\\/anreise\\\/\"]}]},{\"@type\":\"BreadcrumbList\",\"@id\":\"https:\\\/\\\/www.petitmountet.ch\\\/de\\\/anreise\\\/#breadcrumb\",\"itemListElement\":[{\"@type\":\"ListItem\",\"position\":1,\"name\":\"Accueil\",\"item\":\"https:\\\/\\\/www.petitmountet.ch\\\/de\\\/\"},{\"@type\":\"ListItem\",\"position\":2,\"name\":\"Anreise und \u00d6ffnungszeiten\"}]},{\"@type\":\"WebSite\",\"@id\":\"https:\\\/\\\/www.petitmountet.ch\\\/#website\",\"url\":\"https:\\\/\\\/www.petitmountet.ch\\\/\",\"name\":\"Cabane du Petit Mountet | Val d&#039;Anniviers\",\"description\":\"Petit coin de paradis\",\"potentialAction\":[{\"@type\":\"SearchAction\",\"target\":{\"@type\":\"EntryPoint\",\"urlTemplate\":\"https:\\\/\\\/www.petitmountet.ch\\\/?s={search_term_string}\"},\"query-input\":{\"@type\":\"PropertyValueSpecification\",\"valueRequired\":true,\"valueName\":\"search_term_string\"}}],\"inLanguage\":\"de\"}]}<\/script>\n<!-- \/ Yoast SEO plugin. -->","yoast_head_json":{"title":"Kontaktieren Sie uns f\u00fcr Ihren Aufenthalt in den Bergen","description":"Kontaktieren Sie uns, wenn Sie Informationen ben\u00f6tigen oder eine Reservierung vornehmen m\u00f6chten. Unser Team beantwortet gerne alle Ihre Fragen und hilft Ihnen, Ihren Aufenthalt zu organisieren.","robots":{"index":"index","follow":"follow","max-snippet":"max-snippet:-1","max-image-preview":"max-image-preview:large","max-video-preview":"max-video-preview:-1"},"canonical":"https:\/\/www.petitmountet.ch\/de\/anreise\/","og_locale":"de_DE","og_type":"article","og_title":"Kontaktieren Sie uns f\u00fcr Ihren Aufenthalt in den Bergen","og_description":"Kontaktieren Sie uns, wenn Sie Informationen ben\u00f6tigen oder eine Reservierung vornehmen m\u00f6chten. Unser Team beantwortet gerne alle Ihre Fragen und hilft Ihnen, Ihren Aufenthalt zu organisieren.","og_url":"https:\/\/www.petitmountet.ch\/de\/anreise\/","og_site_name":"Cabane du Petit Mountet | Val d&#039;Anniviers","article_modified_time":"2026-01-08T10:07:46+00:00","twitter_card":"summary_large_image","twitter_misc":{"Gesch\u00e4tzte Lesezeit":"1\u00a0Minute"},"schema":{"@context":"https:\/\/schema.org","@graph":[{"@type":"WebPage","@id":"https:\/\/www.petitmountet.ch\/de\/anreise\/","url":"https:\/\/www.petitmountet.ch\/de\/anreise\/","name":"Kontaktieren Sie uns f\u00fcr Ihren Aufenthalt in den Bergen","isPartOf":{"@id":"https:\/\/www.petitmountet.ch\/#website"},"datePublished":"2020-06-05T14:50:35+00:00","dateModified":"2026-01-08T10:07:46+00:00","description":"Kontaktieren Sie uns, wenn Sie Informationen ben\u00f6tigen oder eine Reservierung vornehmen m\u00f6chten. Unser Team beantwortet gerne alle Ihre Fragen und hilft Ihnen, Ihren Aufenthalt zu organisieren.","breadcrumb":{"@id":"https:\/\/www.petitmountet.ch\/de\/anreise\/#breadcrumb"},"inLanguage":"de","potentialAction":[{"@type":"ReadAction","target":["https:\/\/www.petitmountet.ch\/de\/anreise\/"]}]},{"@type":"BreadcrumbList","@id":"https:\/\/www.petitmountet.ch\/de\/anreise\/#breadcrumb","itemListElement":[{"@type":"ListItem","position":1,"name":"Accueil","item":"https:\/\/www.petitmountet.ch\/de\/"},{"@type":"ListItem","position":2,"name":"Anreise und \u00d6ffnungszeiten"}]},{"@type":"WebSite","@id":"https:\/\/www.petitmountet.ch\/#website","url":"https:\/\/www.petitmountet.ch\/","name":"Cabane du Petit Mountet | Val d&#039;Anniviers","description":"Petit coin de paradis","potentialAction":[{"@type":"SearchAction","target":{"@type":"EntryPoint","urlTemplate":"https:\/\/www.petitmountet.ch\/?s={search_term_string}"},"query-input":{"@type":"PropertyValueSpecification","valueRequired":true,"valueName":"search_term_string"}}],"inLanguage":"de"}]}},"_links":{"self":[{"href":"https:\/\/www.petitmountet.ch\/de\/wp-json\/wp\/v2\/pages\/19276","targetHints":{"allow":["GET"]}}],"collection":[{"href":"https:\/\/www.petitmountet.ch\/de\/wp-json\/wp\/v2\/pages"}],"about":[{"href":"https:\/\/www.petitmountet.ch\/de\/wp-json\/wp\/v2\/types\/page"}],"author":[{"embeddable":true,"href":"https:\/\/www.petitmountet.ch\/de\/wp-json\/wp\/v2\/users\/1"}],"replies":[{"embeddable":true,"href":"https:\/\/www.petitmountet.ch\/de\/wp-json\/wp\/v2\/comments?post=19276"}],"version-history":[{"count":16,"href":"https:\/\/www.petitmountet.ch\/de\/wp-json\/wp\/v2\/pages\/19276\/revisions"}],"predecessor-version":[{"id":21104,"href":"https:\/\/www.petitmountet.ch\/de\/wp-json\/wp\/v2\/pages\/19276\/revisions\/21104"}],"wp:attachment":[{"href":"https:\/\/www.petitmountet.ch\/de\/wp-json\/wp\/v2\/media?parent=19276"}],"curies":[{"name":"wp","href":"https:\/\/api.w.org\/{rel}","templated":true}]}}